{"id":5875,"date":"2021-04-19T11:01:34","date_gmt":"2021-04-19T08:01:34","guid":{"rendered":"https:\/\/kemiantekniikankilta.fi\/?page_id=5875"},"modified":"2026-04-05T15:03:25","modified_gmt":"2026-04-05T12:03:25","slug":"alumni","status":"publish","type":"page","link":"https:\/\/kemiantekniikankilta.fi\/en\/alumni\/","title":{"rendered":"For Alumni"},"content":{"rendered":"<h3 class=\"wp-block-heading\" style=\"margin-top:var(--wp--preset--spacing--40);margin-bottom:var(--wp--preset--spacing--20)\"><strong>KeTeK Alumni ry<\/strong><\/h3>\n\n\n\n<figure class=\"wp-block-image alignright is-resized\"><a href=\"https:\/\/kemiantekniikankilta.fi\/wp-content\/uploads\/2021\/04\/ketek_alumni_ry_2020_isolla_tausta.png\"><img decoding=\"async\" src=\"https:\/\/kemiantekniikankilta.fi\/wp-content\/uploads\/2021\/04\/ketek_alumni_ry_2020_isolla_tausta.png\" alt=\"KeTeK Alumni ry logo\" style=\"aspect-ratio:1;object-fit:contain;width:346px\"\/><\/a><\/figure>\n\n\n\n<p>KeTeK Alumni ry on vuonna 2020 perustettu yhdistys, jonka tarkoitus on tuoda yhteen valmistuneita ketel\u00e4isi\u00e4, sek\u00e4 yhdist\u00e4\u00e4 heit\u00e4 viel\u00e4 opintojansa suorittavien kanssa. Yhdistys tarjoaa v\u00e4yli\u00e4, jossa ketel\u00e4iset voivat tavata vanhoja opiskelukavereitaan, kuulla millaista opiskelu on t\u00e4n\u00e4 p\u00e4iv\u00e4n\u00e4 sek\u00e4 luoda uusia verkostoja yli vuosikurssirajojen.<\/p>\n\n\n\n<p><strong>Missiona on toimia katalyyttin\u00e4 valmistuneiden ketel\u00e4isten v\u00e4lill\u00e4 varmistaen, etteiv\u00e4t he lakkaa reagoimasta.<\/strong><\/p>\n\n\n\n<p>Yhdistyksen virallinen tiedotuskanava on s\u00e4hk\u00f6posti, mutta se julkaisee tietoa tapahtumistaan my\u00f6s <strong><a href=\"https:\/\/www.facebook.com\/Ketekalumni\">Facebook-sivuillaan <\/a> <\/strong> ja <strong> <a href=\"https:\/\/www.instagram.com\/ketekinalumnit\/\">Instagram-tilill\u00e4.<\/a> <\/strong><\/p>\n\n\n\n<h3 class=\"wp-block-heading\" style=\"margin-top:var(--wp--preset--spacing--30);margin-bottom:var(--wp--preset--spacing--20)\">J\u00e4seneksi<\/h3>\n\n\n\n<p>KeTeK Alumni ry:n j\u00e4seneksi voi hakea jokainen Lappeenrannan-Lahden teknillisess\u00e4 yliopistossa kemiantekniikan koulutusohjelmassa opiskellut tai opintojaan p\u00e4\u00e4tt\u00e4v\u00e4 henkil\u00f6. Hallitus hyv\u00e4ksyy uudet j\u00e4senet kokouksessaan. KeTeK Alumni ry:n liittymismaksun ja vuosittaisen j\u00e4senmaksun p\u00e4\u00e4tt\u00e4\u00e4 vuosikokous.<\/p>\n\n\n\n<p>Vuodelle 2026 liittymismaksu sek\u00e4 vuotuinen j\u00e4senmaksu on 15 euroa. Liittymismaksu kattaa ensimm\u00e4isen vuoden j\u00e4senmaksun. Liittymisen j\u00e4lkeen saat tietoa yhdistyksen toiminnasta suoraan s\u00e4hk\u00f6postiisi.<\/p>\n\n\n\n<p><strong><a href=\"https:\/\/forms.gle\/Q9GryyRTZdyMFAXR9\">Liity t\u00e4st\u00e4<\/a> <\/strong><\/p>\n\n\n\n<p><strong>Maksuohjeet:<\/strong><br>Saaja: KeTeK Alumni ry<br>Tilinumero: FI9315443000228226<br>Viite: 2105<br>Summa: 15 euroa<\/p>\n\n\n\n<h3 class=\"wp-block-heading\" style=\"margin-top:var(--wp--preset--spacing--30);margin-bottom:var(--wp--preset--spacing--20)\">Contact information<\/h3>\n\n\n\n<p class=\"has-text-align-left\" style=\"margin-top:var(--wp--preset--spacing--20);margin-bottom:var(--wp--preset--spacing--20)\"><strong>KeTeK Alumni ry:n hallitus 2026<\/strong><\/p>\n\n\n\n<div class=\"wp-block-columns are-vertically-aligned-top is-layout-flex wp-container-core-columns-is-layout-1 wp-block-columns-is-layout-flex\" style=\"padding-top:var(--wp--preset--spacing--20);padding-bottom:0\">\n<div class=\"wp-block-column is-vertically-aligned-top is-layout-flow wp-container-core-column-is-layout-1 wp-block-column-is-layout-flow\">\n<h3 class=\"wp-block-heading has-text-align-left is-style-default has-body-font-family has-medium-font-size\" style=\"font-style:normal;font-weight:600\">Chairperson<\/h3>\n\n\n\n<p class=\"has-text-align-left\">Milla Kopisto<\/p>\n<\/div>\n\n\n\n<div class=\"wp-block-column is-vertically-aligned-top is-layout-flow wp-container-core-column-is-layout-2 wp-block-column-is-layout-flow\">\n<h3 class=\"wp-block-heading has-text-align-left is-style-default has-body-font-family has-medium-font-size\" style=\"font-style:normal;font-weight:600\">Secretary<\/h3>\n\n\n\n<p class=\"has-text-align-left\">Joni Lampila<\/p>\n<\/div>\n<\/div>\n\n\n\n<div class=\"wp-block-columns is-layout-flex wp-container-core-columns-is-layout-2 wp-block-columns-is-layout-flex\" style=\"padding-top:0;padding-bottom:var(--wp--preset--spacing--20)\">\n<div class=\"wp-block-column is-layout-flow wp-container-core-column-is-layout-3 wp-block-column-is-layout-flow\" style=\"padding-top:0;padding-bottom:0\">\n<h3 class=\"wp-block-heading has-text-align-left is-style-default has-body-font-family has-medium-font-size\" style=\"margin-top:var(--wp--preset--spacing--20);margin-bottom:var(--wp--preset--spacing--20);font-style:normal;font-weight:600\">Varapuheenjohtaja<\/h3>\n\n\n\n<p class=\"has-text-align-left\">Joni Lampila<\/p>\n<\/div>\n\n\n\n<div class=\"wp-block-column is-vertically-aligned-top is-layout-flow wp-container-core-column-is-layout-4 wp-block-column-is-layout-flow\" style=\"padding-top:0;padding-bottom:0\">\n<h3 class=\"wp-block-heading has-text-align-left is-style-default has-body-font-family has-medium-font-size\" style=\"margin-top:var(--wp--preset--spacing--20);font-style:normal;font-weight:600\">Communications Manager<\/h3>\n\n\n\n<p class=\"has-text-align-left\">Jukka Nykyri<\/p>\n<\/div>\n<\/div>\n\n\n\n<div class=\"wp-block-columns is-layout-flex wp-container-core-columns-is-layout-3 wp-block-columns-is-layout-flex\" style=\"padding-top:0;padding-bottom:var(--wp--preset--spacing--20)\">\n<div class=\"wp-block-column is-layout-flow wp-container-core-column-is-layout-5 wp-block-column-is-layout-flow\">\n<h3 class=\"wp-block-heading has-text-align-left is-style-default has-body-font-family has-medium-font-size\" style=\"font-style:normal;font-weight:600\">Projektip\u00e4\u00e4llikk\u00f6<\/h3>\n\n\n\n<p class=\"has-text-align-left\">Karri Koskinen<\/p>\n<\/div>\n\n\n\n<div class=\"wp-block-column is-layout-flow wp-container-core-column-is-layout-6 wp-block-column-is-layout-flow\">\n<h3 class=\"wp-block-heading has-text-align-left is-style-default has-body-font-family has-medium-font-size\" style=\"font-style:normal;font-weight:600\">Membership Register<\/h3>\n\n\n\n<p class=\"has-text-align-left\">Kalle Kokko<\/p>\n<\/div>\n<\/div>\n\n\n\n<div class=\"wp-block-columns is-layout-flex wp-container-core-columns-is-layout-4 wp-block-columns-is-layout-flex\" style=\"padding-top:0;padding-bottom:var(--wp--preset--spacing--30)\">\n<div class=\"wp-block-column is-layout-flow wp-container-core-column-is-layout-7 wp-block-column-is-layout-flow\">\n<h3 class=\"wp-block-heading has-text-align-left is-style-default has-body-font-family has-medium-font-size\" style=\"font-style:normal;font-weight:600\">Treasurer<\/h3>\n\n\n\n<p class=\"has-text-align-left\">Aino Rimpel\u00e4inen<\/p>\n<\/div>\n\n\n\n<div class=\"wp-block-column is-layout-flow wp-container-core-column-is-layout-8 wp-block-column-is-layout-flow\">\n<h3 class=\"wp-block-heading has-text-align-left is-style-default has-body-font-family has-medium-font-size\" style=\"font-style:normal;font-weight:600\">Projekti-insin\u00f6\u00f6ri<\/h3>\n\n\n\n<p class=\"has-text-align-left\">Konsta Hiltunen<\/p>\n<\/div>\n<\/div>\n\n\n\n<div class=\"wp-block-columns is-layout-flex wp-container-core-columns-is-layout-5 wp-block-columns-is-layout-flex\" style=\"padding-top:0;padding-bottom:var(--wp--preset--spacing--30)\">\n<div class=\"wp-block-column is-layout-flow wp-container-core-column-is-layout-9 wp-block-column-is-layout-flow\">\n<h3 class=\"wp-block-heading has-text-align-left is-style-default has-body-font-family has-medium-font-size\" style=\"font-style:normal;font-weight:600\">Sidosryhm\u00e4vastaava<\/h3>\n\n\n\n<p class=\"has-text-align-left\">Ville Hamara<\/p>\n<\/div>\n\n\n\n<div class=\"wp-block-column is-layout-flow wp-container-core-column-is-layout-10 wp-block-column-is-layout-flow\">\n<h3 class=\"wp-block-heading has-text-align-left is-style-default has-body-font-family has-medium-font-size\" style=\"font-style:normal;font-weight:600\">Projekti-insin\u00f6\u00f6ri<\/h3>\n\n\n\n<p class=\"has-text-align-left\">Kalle Kokko<\/p>\n<\/div>\n<\/div>\n\n\n\n<p style=\"margin-bottom:var(--wp--preset--spacing--30)\"><strong>Hallituksen tavoittaa s\u00e4hk\u00f6postitse. Osoitteet ovat muotoa: etunimi.sukunimi(at)ketekalumni.fi<\/strong><\/p>\n\n\n\n<h4 class=\"wp-block-heading\">Dokumentit:<\/h4>\n\n\n\n<p><a href=\"https:\/\/kemiantekniikankilta.fi\/wp-content\/uploads\/2021\/04\/KeTeK_Alumni_tietosuojaseloste.pdf\">Tietosuojaseloste<\/a><\/p>\n\n\n\n<p style=\"margin-bottom:var(--wp--preset--spacing--40)\"><a href=\"https:\/\/kemiantekniikankilta.fi\/wp-content\/uploads\/2021\/04\/Saannot_KeTeK_Alumni_ry.pdf\">S\u00e4\u00e4nn\u00f6t<\/a><\/p>","protected":false},"excerpt":{"rendered":"<p>KeTeK Alumni ry KeTeK Alumni ry on vuonna 2020 perustettu yhdistys, jonka tarkoitus on tuoda yhteen valmistuneita ketel\u00e4isi\u00e4, sek\u00e4 yhdist\u00e4\u00e4 heit\u00e4 viel\u00e4 opintojansa suorittavien kanssa. Yhdistys tarjoaa v\u00e4yli\u00e4, jossa ketel\u00e4iset voivat tavata vanhoja opiskelukavereitaan, kuulla millaista opiskelu on t\u00e4n\u00e4 p\u00e4iv\u00e4n\u00e4 sek\u00e4 luoda uusia verkostoja yli vuosikurssirajojen. Missiona on toimia katalyyttin\u00e4 valmistuneiden ketel\u00e4isten v\u00e4lill\u00e4 varmistaen, etteiv\u00e4t [&hellip;]<\/p>","protected":false},"author":1,"featured_media":0,"parent":0,"menu_order":0,"comment_status":"closed","ping_status":"closed","template":"","meta":{"_fi_post_content":"<!-- wp:heading {\"level\":3,\"style\":{\"spacing\":{\"margin\":{\"top\":\"var:preset|spacing|40\",\"bottom\":\"var:preset|spacing|20\"}}}} -->\n<h3 class=\"wp-block-heading\" style=\"margin-top:var(--wp--preset--spacing--40);margin-bottom:var(--wp--preset--spacing--20)\"><strong>KeTeK Alumni ry<\/strong><\/h3>\n<!-- \/wp:heading -->\n\n<!-- wp:image {\"width\":\"346px\",\"aspectRatio\":\"1\",\"scale\":\"contain\",\"linkDestination\":\"custom\",\"align\":\"right\"} -->\n<figure class=\"wp-block-image alignright is-resized\"><a href=\"https:\/\/kemiantekniikankilta.fi\/wp-content\/uploads\/2021\/04\/ketek_alumni_ry_2020_isolla_tausta.png\"><img src=\"https:\/\/kemiantekniikankilta.fi\/wp-content\/uploads\/2021\/04\/ketek_alumni_ry_2020_isolla_tausta.png\" alt=\"KeTeK Alumni ry logo\" style=\"aspect-ratio:1;object-fit:contain;width:346px\"\/><\/a><\/figure>\n<!-- \/wp:image -->\n\n<!-- wp:paragraph -->\n<p>KeTeK Alumni ry on vuonna 2020 perustettu yhdistys, jonka tarkoitus on tuoda yhteen valmistuneita ketel\u00e4isi\u00e4, sek\u00e4 yhdist\u00e4\u00e4 heit\u00e4 viel\u00e4 opintojansa suorittavien kanssa. Yhdistys tarjoaa v\u00e4yli\u00e4, jossa ketel\u00e4iset voivat tavata vanhoja opiskelukavereitaan, kuulla millaista opiskelu on t\u00e4n\u00e4 p\u00e4iv\u00e4n\u00e4 sek\u00e4 luoda uusia verkostoja yli vuosikurssirajojen.<\/p>\n<!-- \/wp:paragraph -->\n\n<!-- wp:paragraph -->\n<p><strong>Missiona on toimia katalyyttin\u00e4 valmistuneiden ketel\u00e4isten v\u00e4lill\u00e4 varmistaen, etteiv\u00e4t he lakkaa reagoimasta.<\/strong><\/p>\n<!-- \/wp:paragraph -->\n\n<!-- wp:paragraph -->\n<p>Yhdistyksen virallinen tiedotuskanava on s\u00e4hk\u00f6posti, mutta se julkaisee tietoa tapahtumistaan my\u00f6s <strong><a href=\"https:\/\/www.facebook.com\/Ketekalumni\">Facebook-sivuillaan <\/a> <\/strong> ja <strong> <a href=\"https:\/\/www.instagram.com\/ketekinalumnit\/\">Instagram-tilill\u00e4.<\/a> <\/strong><\/p>\n<!-- \/wp:paragraph -->\n\n<!-- wp:heading {\"level\":3,\"style\":{\"spacing\":{\"margin\":{\"top\":\"var:preset|spacing|30\",\"bottom\":\"var:preset|spacing|20\"}}}} -->\n<h3 class=\"wp-block-heading\" style=\"margin-top:var(--wp--preset--spacing--30);margin-bottom:var(--wp--preset--spacing--20)\">J\u00e4seneksi<\/h3>\n<!-- \/wp:heading -->\n\n<!-- wp:paragraph -->\n<p>KeTeK Alumni ry:n j\u00e4seneksi voi hakea jokainen Lappeenrannan-Lahden teknillisess\u00e4 yliopistossa kemiantekniikan koulutusohjelmassa opiskellut tai opintojaan p\u00e4\u00e4tt\u00e4v\u00e4 henkil\u00f6. Hallitus hyv\u00e4ksyy uudet j\u00e4senet kokouksessaan. KeTeK Alumni ry:n liittymismaksun ja vuosittaisen j\u00e4senmaksun p\u00e4\u00e4tt\u00e4\u00e4 vuosikokous.<\/p>\n<!-- \/wp:paragraph -->\n\n<!-- wp:paragraph -->\n<p>Vuodelle 2026 liittymismaksu sek\u00e4 vuotuinen j\u00e4senmaksu on 15 euroa. Liittymismaksu kattaa ensimm\u00e4isen vuoden j\u00e4senmaksun. Liittymisen j\u00e4lkeen saat tietoa yhdistyksen toiminnasta suoraan s\u00e4hk\u00f6postiisi.<\/p>\n<!-- \/wp:paragraph -->\n\n<!-- wp:paragraph -->\n<p><strong><a href=\"https:\/\/forms.gle\/Q9GryyRTZdyMFAXR9\">Liity t\u00e4st\u00e4<\/a> <\/strong><\/p>\n<!-- \/wp:paragraph -->\n\n<!-- wp:paragraph -->\n<p><strong>Maksuohjeet:<\/strong><br>Saaja: KeTeK Alumni ry<br>Tilinumero: FI9315443000228226<br>Viite: 2105<br>Summa: 15 euroa<\/p>\n<!-- \/wp:paragraph -->\n\n<!-- wp:heading {\"level\":3,\"style\":{\"spacing\":{\"margin\":{\"top\":\"var:preset|spacing|30\",\"bottom\":\"var:preset|spacing|20\"}}}} -->\n<h3 class=\"wp-block-heading\" style=\"margin-top:var(--wp--preset--spacing--30);margin-bottom:var(--wp--preset--spacing--20)\">Yhteystiedot<\/h3>\n<!-- \/wp:heading -->\n\n<!-- wp:paragraph {\"align\":\"left\",\"style\":{\"spacing\":{\"margin\":{\"top\":\"var:preset|spacing|20\",\"bottom\":\"var:preset|spacing|20\"}}}} -->\n<p class=\"has-text-align-left\" style=\"margin-top:var(--wp--preset--spacing--20);margin-bottom:var(--wp--preset--spacing--20)\"><strong>KeTeK Alumni ry:n hallitus 2026<\/strong><\/p>\n<!-- \/wp:paragraph -->\n\n<!-- wp:columns {\"verticalAlignment\":\"top\",\"style\":{\"spacing\":{\"blockGap\":{\"top\":\"0\",\"left\":\"var:preset|spacing|50\"},\"padding\":{\"top\":\"var:preset|spacing|20\",\"bottom\":\"0\"}}}} -->\n<div class=\"wp-block-columns are-vertically-aligned-top\" style=\"padding-top:var(--wp--preset--spacing--20);padding-bottom:0\"><!-- wp:column {\"verticalAlignment\":\"top\",\"style\":{\"spacing\":{\"blockGap\":\"var:preset|spacing|10\"}}} -->\n<div class=\"wp-block-column is-vertically-aligned-top\"><!-- wp:heading {\"textAlign\":\"left\",\"level\":3,\"className\":\"is-style-default\",\"style\":{\"typography\":{\"fontStyle\":\"normal\",\"fontWeight\":\"600\"}},\"fontSize\":\"medium\",\"fontFamily\":\"body\"} -->\n<h3 class=\"wp-block-heading has-text-align-left is-style-default has-body-font-family has-medium-font-size\" style=\"font-style:normal;font-weight:600\">Puheenjohtaja<\/h3>\n<!-- \/wp:heading -->\n\n<!-- wp:paragraph {\"align\":\"left\"} -->\n<p class=\"has-text-align-left\">Milla Kopisto<\/p>\n<!-- \/wp:paragraph --><\/div>\n<!-- \/wp:column -->\n\n<!-- wp:column {\"verticalAlignment\":\"top\",\"style\":{\"spacing\":{\"blockGap\":\"var:preset|spacing|10\"}}} -->\n<div class=\"wp-block-column is-vertically-aligned-top\"><!-- wp:heading {\"textAlign\":\"left\",\"level\":3,\"className\":\"is-style-default\",\"style\":{\"typography\":{\"fontStyle\":\"normal\",\"fontWeight\":\"600\"}},\"fontSize\":\"medium\",\"fontFamily\":\"body\"} -->\n<h3 class=\"wp-block-heading has-text-align-left is-style-default has-body-font-family has-medium-font-size\" style=\"font-style:normal;font-weight:600\">Sihteeri<\/h3>\n<!-- \/wp:heading -->\n\n<!-- wp:paragraph {\"align\":\"left\"} -->\n<p class=\"has-text-align-left\">Joni Lampila<\/p>\n<!-- \/wp:paragraph --><\/div>\n<!-- \/wp:column --><\/div>\n<!-- \/wp:columns -->\n\n<!-- wp:columns {\"style\":{\"spacing\":{\"blockGap\":{\"top\":\"0\",\"left\":\"var:preset|spacing|50\"},\"padding\":{\"top\":\"0\",\"bottom\":\"var:preset|spacing|20\"}}}} -->\n<div class=\"wp-block-columns\" style=\"padding-top:0;padding-bottom:var(--wp--preset--spacing--20)\"><!-- wp:column {\"style\":{\"spacing\":{\"blockGap\":\"var:preset|spacing|10\",\"padding\":{\"top\":\"0\",\"bottom\":\"0\"}}}} -->\n<div class=\"wp-block-column\" style=\"padding-top:0;padding-bottom:0\"><!-- wp:heading {\"textAlign\":\"left\",\"level\":3,\"className\":\"is-style-default\",\"style\":{\"typography\":{\"fontStyle\":\"normal\",\"fontWeight\":\"600\"},\"spacing\":{\"margin\":{\"top\":\"var:preset|spacing|20\",\"bottom\":\"var:preset|spacing|20\"}}},\"fontSize\":\"medium\",\"fontFamily\":\"body\"} -->\n<h3 class=\"wp-block-heading has-text-align-left is-style-default has-body-font-family has-medium-font-size\" style=\"margin-top:var(--wp--preset--spacing--20);margin-bottom:var(--wp--preset--spacing--20);font-style:normal;font-weight:600\">Varapuheenjohtaja<\/h3>\n<!-- \/wp:heading -->\n\n<!-- wp:paragraph {\"align\":\"left\"} -->\n<p class=\"has-text-align-left\">Joni Lampila<\/p>\n<!-- \/wp:paragraph --><\/div>\n<!-- \/wp:column -->\n\n<!-- wp:column {\"verticalAlignment\":\"top\",\"style\":{\"spacing\":{\"blockGap\":\"var:preset|spacing|20\",\"padding\":{\"top\":\"0\",\"bottom\":\"0\"}}}} -->\n<div class=\"wp-block-column is-vertically-aligned-top\" style=\"padding-top:0;padding-bottom:0\"><!-- wp:heading {\"textAlign\":\"left\",\"level\":3,\"className\":\"is-style-default\",\"style\":{\"typography\":{\"fontStyle\":\"normal\",\"fontWeight\":\"600\"},\"spacing\":{\"margin\":{\"top\":\"var:preset|spacing|20\"}}},\"fontSize\":\"medium\",\"fontFamily\":\"body\"} -->\n<h3 class=\"wp-block-heading has-text-align-left is-style-default has-body-font-family has-medium-font-size\" style=\"margin-top:var(--wp--preset--spacing--20);font-style:normal;font-weight:600\">Tiedottaja<\/h3>\n<!-- \/wp:heading -->\n\n<!-- wp:paragraph {\"align\":\"left\"} -->\n<p class=\"has-text-align-left\">Jukka Nykyri<\/p>\n<!-- \/wp:paragraph --><\/div>\n<!-- \/wp:column --><\/div>\n<!-- \/wp:columns -->\n\n<!-- wp:columns {\"style\":{\"spacing\":{\"blockGap\":{\"top\":\"0\",\"left\":\"var:preset|spacing|50\"},\"padding\":{\"top\":\"0\",\"bottom\":\"var:preset|spacing|20\"}}}} -->\n<div class=\"wp-block-columns\" style=\"padding-top:0;padding-bottom:var(--wp--preset--spacing--20)\"><!-- wp:column {\"style\":{\"spacing\":{\"blockGap\":\"var:preset|spacing|10\"}}} -->\n<div class=\"wp-block-column\"><!-- wp:heading {\"textAlign\":\"left\",\"level\":3,\"className\":\"is-style-default\",\"style\":{\"typography\":{\"fontStyle\":\"normal\",\"fontWeight\":\"600\"}},\"fontSize\":\"medium\",\"fontFamily\":\"body\"} -->\n<h3 class=\"wp-block-heading has-text-align-left is-style-default has-body-font-family has-medium-font-size\" style=\"font-style:normal;font-weight:600\">Projektip\u00e4\u00e4llikk\u00f6<\/h3>\n<!-- \/wp:heading -->\n\n<!-- wp:paragraph {\"align\":\"left\"} -->\n<p class=\"has-text-align-left\">Karri Koskinen<\/p>\n<!-- \/wp:paragraph --><\/div>\n<!-- \/wp:column -->\n\n<!-- wp:column {\"style\":{\"spacing\":{\"blockGap\":\"var:preset|spacing|10\"}}} -->\n<div class=\"wp-block-column\"><!-- wp:heading {\"textAlign\":\"left\",\"level\":3,\"className\":\"is-style-default\",\"style\":{\"typography\":{\"fontStyle\":\"normal\",\"fontWeight\":\"600\"}},\"fontSize\":\"medium\",\"fontFamily\":\"body\"} -->\n<h3 class=\"wp-block-heading has-text-align-left is-style-default has-body-font-family has-medium-font-size\" style=\"font-style:normal;font-weight:600\">J\u00e4senrekisterivastaava<\/h3>\n<!-- \/wp:heading -->\n\n<!-- wp:paragraph {\"align\":\"left\"} -->\n<p class=\"has-text-align-left\">Kalle Kokko<\/p>\n<!-- \/wp:paragraph --><\/div>\n<!-- \/wp:column --><\/div>\n<!-- \/wp:columns -->\n\n<!-- wp:columns {\"style\":{\"spacing\":{\"blockGap\":{\"top\":\"0\",\"left\":\"var:preset|spacing|50\"},\"padding\":{\"top\":\"0\",\"bottom\":\"var:preset|spacing|30\"}}}} -->\n<div class=\"wp-block-columns\" style=\"padding-top:0;padding-bottom:var(--wp--preset--spacing--30)\"><!-- wp:column {\"style\":{\"spacing\":{\"blockGap\":\"var:preset|spacing|10\"}}} -->\n<div class=\"wp-block-column\"><!-- wp:heading {\"textAlign\":\"left\",\"level\":3,\"className\":\"is-style-default\",\"style\":{\"typography\":{\"fontStyle\":\"normal\",\"fontWeight\":\"600\"}},\"fontSize\":\"medium\",\"fontFamily\":\"body\"} -->\n<h3 class=\"wp-block-heading has-text-align-left is-style-default has-body-font-family has-medium-font-size\" style=\"font-style:normal;font-weight:600\">Rahastonhoitaja<\/h3>\n<!-- \/wp:heading -->\n\n<!-- wp:paragraph {\"align\":\"left\"} -->\n<p class=\"has-text-align-left\">Aino Rimpel\u00e4inen<\/p>\n<!-- \/wp:paragraph --><\/div>\n<!-- \/wp:column -->\n\n<!-- wp:column {\"style\":{\"spacing\":{\"blockGap\":\"var:preset|spacing|10\"}}} -->\n<div class=\"wp-block-column\"><!-- wp:heading {\"textAlign\":\"left\",\"level\":3,\"className\":\"is-style-default\",\"style\":{\"typography\":{\"fontStyle\":\"normal\",\"fontWeight\":\"600\"}},\"fontSize\":\"medium\",\"fontFamily\":\"body\"} -->\n<h3 class=\"wp-block-heading has-text-align-left is-style-default has-body-font-family has-medium-font-size\" style=\"font-style:normal;font-weight:600\">Projekti-insin\u00f6\u00f6ri<\/h3>\n<!-- \/wp:heading -->\n\n<!-- wp:paragraph {\"align\":\"left\"} -->\n<p class=\"has-text-align-left\">Konsta Hiltunen<\/p>\n<!-- \/wp:paragraph --><\/div>\n<!-- \/wp:column --><\/div>\n<!-- \/wp:columns -->\n\n<!-- wp:columns {\"style\":{\"spacing\":{\"blockGap\":{\"top\":\"0\",\"left\":\"var:preset|spacing|50\"},\"padding\":{\"top\":\"0\",\"bottom\":\"var:preset|spacing|30\"}}}} -->\n<div class=\"wp-block-columns\" style=\"padding-top:0;padding-bottom:var(--wp--preset--spacing--30)\"><!-- wp:column {\"style\":{\"spacing\":{\"blockGap\":\"var:preset|spacing|10\"}}} -->\n<div class=\"wp-block-column\"><!-- wp:heading {\"textAlign\":\"left\",\"level\":3,\"className\":\"is-style-default\",\"style\":{\"typography\":{\"fontStyle\":\"normal\",\"fontWeight\":\"600\"}},\"fontSize\":\"medium\",\"fontFamily\":\"body\"} -->\n<h3 class=\"wp-block-heading has-text-align-left is-style-default has-body-font-family has-medium-font-size\" style=\"font-style:normal;font-weight:600\">Sidosryhm\u00e4vastaava<\/h3>\n<!-- \/wp:heading -->\n\n<!-- wp:paragraph {\"align\":\"left\"} -->\n<p class=\"has-text-align-left\">Ville Hamara<\/p>\n<!-- \/wp:paragraph --><\/div>\n<!-- \/wp:column -->\n\n<!-- wp:column {\"style\":{\"spacing\":{\"blockGap\":\"var:preset|spacing|10\"}}} -->\n<div class=\"wp-block-column\"><!-- wp:heading {\"textAlign\":\"left\",\"level\":3,\"className\":\"is-style-default\",\"style\":{\"typography\":{\"fontStyle\":\"normal\",\"fontWeight\":\"600\"}},\"fontSize\":\"medium\",\"fontFamily\":\"body\"} -->\n<h3 class=\"wp-block-heading has-text-align-left is-style-default has-body-font-family has-medium-font-size\" style=\"font-style:normal;font-weight:600\">Projekti-insin\u00f6\u00f6ri<\/h3>\n<!-- \/wp:heading -->\n\n<!-- wp:paragraph {\"align\":\"left\"} -->\n<p class=\"has-text-align-left\">Kalle Kokko<\/p>\n<!-- \/wp:paragraph --><\/div>\n<!-- \/wp:column --><\/div>\n<!-- \/wp:columns -->\n\n<!-- wp:paragraph {\"style\":{\"spacing\":{\"margin\":{\"bottom\":\"var:preset|spacing|30\"}}}} -->\n<p style=\"margin-bottom:var(--wp--preset--spacing--30)\"><strong>Hallituksen tavoittaa s\u00e4hk\u00f6postitse. Osoitteet ovat muotoa: etunimi.sukunimi(at)ketekalumni.fi<\/strong><\/p>\n<!-- \/wp:paragraph -->\n\n<!-- wp:heading {\"level\":4} -->\n<h4 class=\"wp-block-heading\">Dokumentit:<\/h4>\n<!-- \/wp:heading -->\n\n<!-- wp:paragraph -->\n<p><a href=\"https:\/\/kemiantekniikankilta.fi\/wp-content\/uploads\/2021\/04\/KeTeK_Alumni_tietosuojaseloste.pdf\">Tietosuojaseloste<\/a><\/p>\n<!-- \/wp:paragraph -->\n\n<!-- wp:paragraph {\"style\":{\"spacing\":{\"margin\":{\"bottom\":\"var:preset|spacing|40\"}}}} -->\n<p style=\"margin-bottom:var(--wp--preset--spacing--40)\"><a href=\"https:\/\/kemiantekniikankilta.fi\/wp-content\/uploads\/2021\/04\/Saannot_KeTeK_Alumni_ry.pdf\">S\u00e4\u00e4nn\u00f6t<\/a><\/p>\n<!-- \/wp:paragraph -->","_fi_post_name":"alumni","_fi_post_excerpt":"","_fi_post_title":"Alumni","_en-2_post_content":"","_en-2_post_name":"","_en-2_post_excerpt":"","_en-2_post_title":"","edit_language":"fi","footnotes":""},"class_list":["post-5875","page","type-page","status-publish","hentry"],"_links":{"self":[{"href":"https:\/\/kemiantekniikankilta.fi\/en\/wp-json\/wp\/v2\/pages\/5875","targetHints":{"allow":["GET"]}}],"collection":[{"href":"https:\/\/kemiantekniikankilta.fi\/en\/wp-json\/wp\/v2\/pages"}],"about":[{"href":"https:\/\/kemiantekniikankilta.fi\/en\/wp-json\/wp\/v2\/types\/page"}],"author":[{"embeddable":true,"href":"https:\/\/kemiantekniikankilta.fi\/en\/wp-json\/wp\/v2\/users\/1"}],"replies":[{"embeddable":true,"href":"https:\/\/kemiantekniikankilta.fi\/en\/wp-json\/wp\/v2\/comments?post=5875"}],"version-history":[{"count":46,"href":"https:\/\/kemiantekniikankilta.fi\/en\/wp-json\/wp\/v2\/pages\/5875\/revisions"}],"predecessor-version":[{"id":6908,"href":"https:\/\/kemiantekniikankilta.fi\/en\/wp-json\/wp\/v2\/pages\/5875\/revisions\/6908"}],"wp:attachment":[{"href":"https:\/\/kemiantekniikankilta.fi\/en\/wp-json\/wp\/v2\/media?parent=5875"}],"curies":[{"name":"wp","href":"https:\/\/api.w.org\/{rel}","templated":true}]}}