{"id":1410,"date":"2014-06-15T23:04:03","date_gmt":"2014-06-15T20:04:03","guid":{"rendered":"http:\/\/kemiantekniikankilta.fi\/?page_id=1410"},"modified":"2025-08-02T12:04:37","modified_gmt":"2025-08-02T09:04:37","slug":"fv-ja-tuutorit","status":"publish","type":"page","link":"https:\/\/kemiantekniikankilta.fi\/en\/fv-ja-tuutorit\/","title":{"rendered":"pHresher Captain and Tutors"},"content":{"rendered":"<div class=\"wp-block-group has-global-padding is-layout-constrained wp-block-group-is-layout-constrained\">\n<p style=\"margin-top:var(--wp--preset--spacing--40)\">Tuutorit ja pHuksivastaava toimivat oppainasi ensimm\u00e4isin\u00e4 viikkoina, kun saavut yliopistolle. Tuutorit ohjeistavat ja auttavat sinut opiskelun alkuun. Yhdess\u00e4 pHuksivastaavan kanssa he pit\u00e4v\u00e4t my\u00f6s huolen, ett\u00e4 kaikki pit\u00e4v\u00e4t hauskaa ja tutustuvat toisiinsa sek\u00e4 teekkari- ja opiskelukulttuuriin.<\/p>\n\n\n\n<p>Lue lis\u00e4ksi yliopiston Fuksiopas ja killan lehti uusille opiskelijoille: <\/p>\n\n\n\n<p><a href=\"https:\/\/elut.lut.fi\/fi\/opintojen-aloittaminen\/fuksiopas\">Fuksiopas<\/a><br><a href=\"https:\/\/kemiantekniikankilta.fi\/wp-content\/uploads\/2025\/08\/KTT_2025.pdf\" data-type=\"link\" data-id=\"https:\/\/kemiantekniikankilta.fi\/wp-content\/uploads\/2025\/08\/KTT_2025.pdf\">K\u00e4ytt\u00f6turvallisuustiedote 2025<\/a><\/p>\n\n\n\n<h3 class=\"wp-block-heading\" style=\"margin-top:var(--wp--preset--spacing--40)\">pHuksivastaava &#8211; Joel Lehtonen<\/h3>\n<\/div>\n\n\n\n<figure class=\"wp-block-image aligncenter size-full is-resized has-custom-border is-style-default\"><img decoding=\"async\" src=\"https:\/\/kemiantekniikankilta.fi\/wp-content\/uploads\/2025\/08\/fv_25_joel.jpg\" alt=\"\" class=\"wp-image-6548\" style=\"border-style:none;border-width:0px;border-radius:0px;aspect-ratio:1;object-fit:contain;width:345px\"\/><\/figure>\n\n\n\n<div class=\"wp-block-group has-global-padding is-layout-constrained wp-block-group-is-layout-constrained\">\n<p class=\"has-text-align-left\">Moro!<\/p>\n\n\n\n<p class=\"has-text-align-left\">M\u00e4 oon teid\u00e4n pHuksivastaava Joel, oon Paimiosta kotosin ja ik\u00e4\u00e4 l\u00f6ytyy 22 vuotta. Syksyll\u00e4 aloitan kolmannen vuoden opinnot kemiantekniikalla. M\u00e4 toimin t\u00e4n\u00e4 vuonna tei\u00e4n fuksivastaavana ja meik\u00e4l\u00e4isen tavoite on se, ett\u00e4 vappuna teill\u00e4 kaikilla olisi valkoinen teekkarilakki p\u00e4\u00e4ss\u00e4. T\u00e4m\u00e4 onnistuu hyvin sill\u00e4 tied\u00e4n, ett\u00e4 k\u00e4ytte aktiivisesti tapahtumissa ja suoritatte vaaditut l\u00e4yst\u00e4kepisteet.<\/p>\n\n\n\n<p class=\"has-medium-font-size\">Toimin tuutoreiden sek\u00e4 killan hallituksen kanssa yhteisty\u00f6ss\u00e4 jotta teill\u00e4 olisi paras mahdollinen fuksivuosi. Kannustan teit\u00e4 ottamaan mahdollisimman paljon irti fuksivuodesta ja erityisesti fuksiviikoista! Omassa fuksivuodessani oli ehdottamasti parasta se, ett\u00e4 tutustuin upeisiin tyyppeihin ja olen varma et tekin saatte ikuisia yst\u00e4vi\u00e4 t\u00e4n vuoden aikana.\n<\/p>\n\n\n\n<p class=\"has-medium-font-size\">Kaikille viel\u00e4 suuret onnitellut uudesta opiskelupaikasta, n\u00e4hd\u00e4\u00e4n fuksiviikoilla! <\/p>\n\n\n\n<h3 class=\"wp-block-heading\" style=\"margin-top:var(--wp--preset--spacing--40)\">Tutors<\/h3>\n\n\n\n<h4 class=\"wp-block-heading\" style=\"margin-top:var(--wp--preset--spacing--30);margin-bottom:var(--wp--preset--spacing--20)\">Julia<\/h4>\n<\/div>\n\n\n\n<figure class=\"wp-block-image aligncenter size-full is-resized\"><img decoding=\"async\" src=\"https:\/\/kemiantekniikankilta.fi\/wp-content\/uploads\/2025\/08\/tuutorit_25_julia.jpg\" alt=\"\" class=\"wp-image-6549\" style=\"aspect-ratio:1;object-fit:contain;width:345px\"\/><\/figure>\n\n\n\n<p class=\"has-text-align-left\">Moikka!<\/p>\n\n\n\n<p class=\"has-text-align-left\">Mie oon Julia ja tuun kauniista Savonlinnasta. Oon 21-vuotias ja alotan\ntoisen vuoden opinnot sek\u00e4 oon teid\u00e4n tuutorinanne syksyll\u00e4!<\/p>\n\n\n\n<p class=\"has-text-align-left\">Kun muutin Lappeenrantaan niin en oikeastaan tuntenut ket\u00e4\u00e4n eik\u00e4 kaupunkikaan ollut tuttu. Fuksiviikot j\u00e4nnitti (niinkun varmasti kaikkia) mutta hyv\u00e4ll\u00e4 tavalla! Kaikki kuitenkin l\u00e4hti rullaamaan ja n\u00e4in j\u00e4lkeenp\u00e4in katottuna oli kyll\u00e4 hauskaa aikaa. Ja vaikka koulujutut sitten saattaa v\u00e4h\u00e4n painaa nii kannustan kuitenkin pist\u00e4ytym\u00e4\u00e4n tapahtumissa, ne osaa aina yll\u00e4tt\u00e4\u00e4!<\/p>\n\n\n\n<p>Omana fuksivuotena oli parasta tietysti tutustua uusiin ihmisiin mutta my\u00f6s itse opiskelijael\u00e4m\u00e4\u00e4n! Tarjontaa on tapahtumissa monenlaista, joten varmasti l\u00f6ytyy mieluista tekemist\u00e4. Onnittelut viel\u00e4 opiskelupaikasta ja en malta oottaa et p\u00e4\u00e4st\u00e4\u00e4n kaikki tapaamaan!!<\/p>\n\n\n\n<h4 class=\"wp-block-heading\" style=\"margin-top:var(--wp--preset--spacing--30);margin-bottom:var(--wp--preset--spacing--20)\">Erika<\/h4>\n\n\n\n<figure class=\"wp-block-image aligncenter size-full is-resized\"><img decoding=\"async\" src=\"https:\/\/kemiantekniikankilta.fi\/wp-content\/uploads\/2025\/08\/tuutorit_25_erika.jpg\" alt=\"\" class=\"wp-image-6550\" style=\"aspect-ratio:1;object-fit:contain;width:345px\"\/><\/figure>\n\n\n\n<p class=\"has-text-align-left\">Moikka!<\/p>\n\n\n\n<p class=\"has-text-align-left\">M\u00e4 oon Erika ja oon 20-vuotias sek\u00e4 alunperin kotoisin Espoosta. Mulla\nalkaa syksyll\u00e4 toinen vuosi kemiantekniikan opintojen parissa.<\/p>\n\n\n\n<p>Kun muutin viime vuonna Lappeenrantaan, kaikki oli uutta ja j\u00e4nnitt\u00e4v\u00e4\u00e4. Heti ensimm\u00e4isten p\u00e4ivien aikana tutustuin moniin ihmisiin, joista tuli nopeasti l\u00e4heisi\u00e4 yst\u00e4vi\u00e4. Opiskelujen aloittaminen vieraassa kaupungissa on j\u00e4nnitt\u00e4v\u00e4\u00e4, mutta me tuutorit autetaan teit\u00e4 parhaamme mukaan ja meilt\u00e4 saa tulla aina kysym\u00e4\u00e4n apua.<\/p>\n\n\n\n<p>Kannustan osallistumaan tapahtumiin, sill\u00e4 niiss\u00e4 p\u00e4\u00e4see tutustumaan Lappeenrannan opiskelijael\u00e4m\u00e4\u00e4n sek\u00e4 uusiin mahtaviin ihmisiin! Innolla odotan syksy\u00e4 ja teid\u00e4n uusien pHuksien tapaamista.<\/p>\n\n\n\n<p>Oma pHuksivuosi oli kyll\u00e4 ikimuistoinen ja toivon teille kaikille samaa. Onnittelut opiskelupaikasta ja n\u00e4hd\u00e4\u00e4n syksyll\u00e4!<\/p>\n\n\n\n<h4 class=\"wp-block-heading\" style=\"margin-top:var(--wp--preset--spacing--30);margin-bottom:var(--wp--preset--spacing--20)\">Ida<\/h4>\n\n\n\n<figure class=\"wp-block-image aligncenter size-full is-resized\"><img decoding=\"async\" src=\"https:\/\/kemiantekniikankilta.fi\/wp-content\/uploads\/2025\/08\/tuutorit_25_ida.jpg\" alt=\"\" class=\"wp-image-6547\" style=\"aspect-ratio:1;object-fit:contain;width:345px\"\/><\/figure>\n\n\n\n<p class=\"has-text-align-left\">Moi!<\/p>\n\n\n\n<p class=\"has-text-align-left\">M\u00e4 oon Ida ja yksi teid\u00e4n tuutoreista. Oon 19-vuotias ja kotoisin\nLuxemburgista tai lyhyemmin sanottuna Luxista. Nyt syksyll\u00e4 alkaa mun toinen vuosi ketell\u00e4!<\/p>\n\n\n\n<p class=\"has-text-align-left\">Vuosi sitten en ollut asunut Suomessa 12 vuoteen, ja Lappeenranta oli mulle ihan tuntematon paikka. Mua j\u00e4nnitti tosi paljon uus \u201dmaa\u201d, uus kaupunki ja uudet ihmiset, mutta fuksiviikoilla p\u00e4\u00e4sin tutustumaan moniin mahtaviin tyyppeihin, joiden ansiosta mun pHuksivuosi oli ihana ja meni ihan todella nopeasti. Pian olin jo rakastunut Lappeenrantaan ja LUTiin. Me tuutorit ja kilta tehd\u00e4\u00e4n parhaamme, ett\u00e4 my\u00f6s te l\u00f6yd\u00e4tte oman paikkanne t\u00e4\u00e4lt\u00e4!<\/p>\n\n\n\n<p>Mun fuksivuodessa parasta oli ehdottomasti uudet ihmiset ja monipuoliset tapahtumat, joita l\u00f6ytyy kyll\u00e4 ihan jokaiselle. Eli rohkeasti mukaan vaan, vaikka v\u00e4h\u00e4n j\u00e4nnitt\u00e4isikin! Onnittelut opiskelupaikasta ja n\u00e4hd\u00e4\u00e4n fuksiviikoilla!<\/p>\n\n\n\n<h4 class=\"wp-block-heading\" style=\"margin-top:var(--wp--preset--spacing--30);margin-bottom:var(--wp--preset--spacing--20)\">Kevin<\/h4>\n\n\n\n<figure class=\"wp-block-image aligncenter size-full is-resized\"><img decoding=\"async\" src=\"https:\/\/kemiantekniikankilta.fi\/wp-content\/uploads\/2025\/08\/tuutorit_25_kevin.jpg\" alt=\"\" class=\"wp-image-6551\" style=\"aspect-ratio:1;object-fit:contain;width:346px;height:auto\"\/><\/figure>\n\n\n\n<p class=\"has-text-align-left\">Moi ja onnittelut opiskelupaikasta!<\/p>\n\n\n\n<p class=\"has-text-align-left\">M\u00e4 oon Kevin ja oon yksi teid\u00e4n tulevista tuutoreista! Oon 21-vuotias stadilainen, joka muutti rannoille viime vuoden syksyn\u00e4! Alotan siis nyt toista vuotta kemiantekniikalla.<\/p>\n\n\n\n<p>Kun vuosi sitten muutin Lappeenrantaan en oikein tuntenut ket\u00e4\u00e4n entuudestaan. Lappeenranta kaupunkinakin oli minulle t\u00e4ysin uusi. Ensimm\u00e4iset p\u00e4iv\u00e4t kuluivatkin minulla ihmissuhteiden luomisessa ja paikkoihin tutustumisessa! Kavereiden tekeminen oli helppoa, eritysesti kun omat tuutorit olivat siin\u00e4 auttamassa. Lappeenrannasta on tullut minulle rakas paikka jossa tykk\u00e4\u00e4n viett\u00e4\u00e4 aikaa my\u00f6s silloinkin kun koulua ei ole, ihmiset ovat yst\u00e4v\u00e4llist\u00e4 ja avoimia. Mulle on muodostunut l\u00e4heisi\u00e4 yst\u00e4vyyssuhteita ihanien ihmisten kanssa, ja n\u00e4in tulee varmasti tapahtumaan teillekkin!<\/p>\n\n\n\n<p>Oman pHuksi-vuoden kohokohdat olivat helposti uusiin ihmisiin tutustuminen ja ikimuistoiset tapahtumat! Suosittelen l\u00e4mpim\u00e4sti osallistumaan niihin, sill\u00e4 niiss\u00e4 p\u00e4\u00e4see tutustumaan monenlaisiin ihmisiin ja Lappeenrantaan ylip\u00e4\u00e4t\u00e4\u00e4n parhaiten!<\/p>\n\n\n\n<p>T\u00e4rkeimp\u00e4n\u00e4 kuitenkin on muistaa ottaa kaikki ilo irti opiskeluvuosista! Tuutoreina olemme t\u00e4\u00e4ll\u00e4 auttamassa, joten mik\u00e4li mit\u00e4\u00e4n kysytt\u00e4v\u00e4\u00e4 ilmenee aina voi rohkeasti nyk\u00e4ist\u00e4 hihasta!\n<\/p>\n\n\n\n<p>Mun pHuksi vuos oli aivan mahtava ja toivon ett\u00e4 niin my\u00f6s teid\u00e4n!\n<\/p>\n\n\n\n<h4 class=\"wp-block-heading\" style=\"margin-top:var(--wp--preset--spacing--30);margin-bottom:var(--wp--preset--spacing--20)\">Iida<\/h4>\n\n\n\n<figure class=\"wp-block-image aligncenter size-full is-resized\"><img decoding=\"async\" src=\"https:\/\/kemiantekniikankilta.fi\/wp-content\/uploads\/2025\/08\/tuutorit_25_iida.jpg\" alt=\"\" class=\"wp-image-6612\" style=\"aspect-ratio:1;object-fit:contain;width:346px;height:auto\"\/><\/figure>\n\n\n\n<p class=\"has-text-align-left\">Moii!<\/p>\n\n\n\n<p class=\"has-text-align-left\">M\u00e4 oon Iida, 22-vuotias ja yks teij\u00e4n ihanista tutoreista. Oon kotosin Espoosta, jonka j\u00e4lkeen muutama vuos vier\u00e4hti Helsingiss\u00e4 opiskelujen parissa. Viime vuonna p\u00e4\u00e4dyinki sit v\u00e4h\u00e4n hetken mielijohteesta t\u00e4nne Lappeenrantaan opiskelee uutta alaa.<\/p>\n\n\n\n<p>Onnittelut viel\u00e4 kaikille opiskelupaikasta t\u00e4\u00e4ll\u00e4 Ketell\u00e4! Orientaatioviikko l\u00e4hestyy vauhdilla ja oon innoissani et p\u00e4\u00e4st\u00e4\u00e4n pian n\u00e4kem\u00e4\u00e4n teit\u00e4! Mun eka vuos meni ihan hujauksessa, ja oli kyll\u00e4 taas kaikkee uutta ja hauskaa tekemist\u00e4 koko vuos t\u00e4ynn\u00e4.<\/p>\n\n\n\n<p>Toivon, et kans te p\u00e4\u00e4sette nauttimaan t\u00e4st\u00e4 alkuun ehk\u00e4 semi kolkon tuntusesta mut loppujenlopuks tosi kotosasta kaupungista. Tulkaa siis rohkeesti kaikkiin tapahtumiin ja yhteisiin tekemisiin mukaan ees\nv\u00e4hint\u00e4\u00e4n ekoilla viikoilla, ette tuu katumaan<\/p>\n\n\n\n<p>N\u00e4h\u00e4\u00e4n siis syksyll\u00e4! Kivoja viimesi\u00e4 kes\u00e4viikkoja tai -p\u00e4ivi\u00e4 viel\u00e4 kaikille!<\/p>\n\n\n\n<h4 class=\"wp-block-heading\" style=\"margin-top:var(--wp--preset--spacing--30);margin-bottom:var(--wp--preset--spacing--20)\">Oona<\/h4>\n\n\n\n<figure class=\"wp-block-image aligncenter size-full is-resized\"><img decoding=\"async\" src=\"https:\/\/kemiantekniikankilta.fi\/wp-content\/uploads\/2025\/08\/tuutorit_25_oona.jpg\" alt=\"\" class=\"wp-image-6552\" style=\"aspect-ratio:1;object-fit:contain;width:346px;height:auto\"\/><\/figure>\n\n\n\n<p class=\"has-text-align-left\">Moi!<\/p>\n\n\n\n<p class=\"has-text-align-left\">M\u00e4 oon Oona. Oon 21 -vuotias ja saan kunnian olla yksi teid\u00e4n tuutoreistanne tulevana syksyn\u00e4. Oon Vihdist\u00e4 kotosin ja muistan el\u00e4v\u00e4sti, kuinka opiskelun aloittaminen t\u00e4ysin vieraalla paikkakunnalla hirvitti. Lappeenranta ja sen ihanat opiskelijat ottivat kuitenkin hyvin\nvastaan ja kaikki sen j\u00e4lkeen on mennyt sitten omalla painollaan. Suosittelen siis teille j\u00e4nnityksest\u00e4 huolimatta olemaan avoimia erilaisia tapahtumia ja itse\u00e4\u00e4n kiinnostavia aktiviteetteja kohtaan. Sill\u00e4 keinolla saatte tehty\u00e4 itsellenne unohtumattoman fuksivuoden.<\/p>\n\n\n\n<p>En malta oottaa, ett\u00e4 p\u00e4\u00e4st\u00e4\u00e4n n\u00e4kem\u00e4\u00e4n ja tutustumaan paremmin koko porukan kanssa. Onnittelut viel\u00e4 hurjasti opiskelupaikasta. Syksyll\u00e4 n\u00e4hd\u00e4\u00e4n!<\/p>\n\n\n\n<h4 class=\"wp-block-heading\" style=\"margin-top:var(--wp--preset--spacing--30);margin-bottom:var(--wp--preset--spacing--20)\">Alex<\/h4>\n\n\n\n<figure class=\"wp-block-image aligncenter size-full is-resized\"><img decoding=\"async\" src=\"https:\/\/kemiantekniikankilta.fi\/wp-content\/uploads\/2025\/08\/tuutorit_25_alex.jpg\" alt=\"\" class=\"wp-image-6553\" style=\"aspect-ratio:1;object-fit:contain;width:346px;height:auto\"\/><\/figure>\n\n\n\n<p class=\"has-text-align-left\">Moikka!<\/p>\n\n\n\n<p class=\"has-text-align-left\">M\u00e4 oon Alex ja oon yksi teid\u00e4n monista ihanista tuutoreista! Oon 22-vuotias ja alunperin kotoisin aina niin kauniista ja aurinkoisesta Porvoosta. Lappeenranta oli itselle ihan uusi tuttavuus mutta nopeasti siit\u00e4 tuli itselle todella kotoisa ja l\u00e4mmin paikka.<\/p>\n\n\n\n<p>Nyt toisen vuoden ketell\u00e4 aloittavana voin sanoa, ett\u00e4 meill\u00e4 on t\u00e4\u00e4ll\u00e4 ihan huikeita ihmisi\u00e4 vuosikurssista riippumatta. Itse\u00e4ni kavereiden hankkimisessa auttoi se, ett\u00e4 k\u00e4vi niin monessa tapahtumassa kuin vain jaksoi. Kannustan teit\u00e4 my\u00f6s olemaan aktiivisia ja osallistumaan erilaisiin\ntapahtumiin jo heti alussa!!<\/p>\n\n\n\n<p>Onnittelut viel\u00e4 opiskelupaikasta, eik\u00e4 mene kauaa ett\u00e4 tavataan teid\u00e4n kaikkien kanssa!<\/p>\n\n\n\n<h4 class=\"wp-block-heading\" style=\"margin-top:var(--wp--preset--spacing--30);margin-bottom:var(--wp--preset--spacing--20)\">Mikaela<\/h4>\n\n\n\n<figure class=\"wp-block-image aligncenter size-full is-resized\"><img decoding=\"async\" src=\"https:\/\/kemiantekniikankilta.fi\/wp-content\/uploads\/2025\/08\/tuutorit_25_mikaela.jpg\" alt=\"\" class=\"wp-image-6554\" style=\"aspect-ratio:1;object-fit:contain;width:346px\"\/><\/a><\/figure>\n\n\n\n<p class=\"has-text-align-left\">Moikka!<\/p>\n\n\n\n<p class=\"has-text-align-left\">M\u00e4 oon Mikaela, 20-vuotias ja kotoisin Helsingist\u00e4. Viime vuonna, kun\naloitin opinnot, en tuntenut Lappeenrannasta ket\u00e4\u00e4n. Ensimm\u00e4iset viikot j\u00e4nnittiv\u00e4t, mutta niist\u00e4 tuli lopulta koko vuoden parasta aikaa.\n<\/p>\n\n\n\n<p>Osallistumalla tapahtumiin avoimin mielin tutustuu helposti uusiin, ihaniin tyyppeihin. Uusien opintojen aloitus voi v\u00e4h\u00e4n pelottaa, mutta kun uskaltaa olla oma itsens\u00e4 ja ottaa rennosti, p\u00e4\u00e4see jo pitk\u00e4lle. Omassa fuksivuodessani parasta olivat ehdottomasti erilaiset tapahtumat ja niiss\u00e4 tavatut ihmiset. Siksi kannustankin rohkeasti l\u00e4htem\u00e4\u00e4n mukaan, vaikka jokin ei heti tuntuisikaan omalta jutulta, voit yll\u00e4tty\u00e4 positiivisesti.<\/p>\n\n\n\n<p>M\u00e4 ja muut tuutorit tehd\u00e4\u00e4n parhaamme, jotta teid\u00e4n fuksivuodesta tulee ikimuistoinen ja onnistunut. Me ollaan t\u00e4\u00e4ll\u00e4 teit\u00e4 varten ja halutaan auttaa niin pieniss\u00e4 kuin isoissakin jutuissa.<\/p>\n\n\n\n<h3 class=\"wp-block-heading\" style=\"margin-top:var(--wp--preset--spacing--40);margin-bottom:var(--wp--preset--spacing--20)\">Opintoneuvoja &#8211; Eino Auvinen<\/h3>\n\n\n\n<figure class=\"wp-block-image aligncenter size-full is-resized\"><img decoding=\"async\" src=\"https:\/\/kemiantekniikankilta.fi\/wp-content\/uploads\/2025\/08\/opintoneuvoja_25_eino.jpg\" alt=\"\" class=\"wp-image-6549\" style=\"aspect-ratio:1;object-fit:contain;width:345px\"\/><\/figure>\n\n\n\n<p class=\"has-contrast-color has-text-color has-link-color wp-elements-b95809efe8caf0b5e49cb3b5f8336668\" style=\"margin-bottom:0\">Heipparallaa!<\/p>\n\n\n\n<p>M\u00e4\u00e4 oon Eino 21-v ja toimin t\u00e4n\u00e4 vuonna teid\u00e4n opintoneuvojana. Opiskelen kolmatta vuotta ketell\u00e4 ja Rannoille olen pi\u00e4tynyt Savon hujakoilta Lepp\u00e4virralta.<\/p>\n\n\n\n<p>Opintoneuvojana oon yhdess\u00e4 tuutorien ja eLUT:in kanssa teid\u00e4n t\u00e4rkeimpi\u00e4 apuk\u00e4si\u00e4 opintojen alussa. Multa voi kysy\u00e4 rohkeesti, jos teit\u00e4 mietitytt\u00e4\u00e4 opiskeluun, opintosuunnitelmaan tai tietoj\u00e4rjestelmiin liittyv\u00e4t asiat. Eik\u00e4 tarvii kysy\u00e4k\u00e4\u00e4n, sill\u00e4 neuvomiselta ette pysty v\u00e4lttym\u00e4\u00e4n (toivottavasti) :D. Meik\u00e4n tavoittaa s\u00e4hk\u00f6postilla osoitteesta eino.auvinen@lut.fi, jos teille her\u00e4\u00e4 kysymyksi\u00e4 jo ennen orientaatiota.\n<\/p>\n\n\n\n<p>Opintoneuvojana ty\u00f6skentelyn ohessa toimin meid\u00e4n killan, KeTeKin, hallituksessa ekskursiovastaavana, ja j\u00e4rjest\u00e4n teille fuksikursion, jolle tekin tulette kaikki ehdottamasti osallistumaan.<\/p>\n\n\n\n<p style=\"margin-bottom:var(--wp--preset--spacing--50)\">N\u00e4hd\u00e4\u00e4n orientaatioviikolla ja toivottavasti sen j\u00e4lkeenkin!<\/p>","protected":false},"excerpt":{"rendered":"<p>Tuutorit ja pHuksivastaava toimivat oppainasi ensimm\u00e4isin\u00e4 viikkoina, kun saavut yliopistolle. Tuutorit ohjeistavat ja auttavat sinut opiskelun alkuun. Yhdess\u00e4 pHuksivastaavan kanssa he pit\u00e4v\u00e4t my\u00f6s huolen, ett\u00e4 kaikki pit\u00e4v\u00e4t hauskaa ja tutustuvat toisiinsa sek\u00e4 teekkari- ja opiskelukulttuuriin. Lue lis\u00e4ksi yliopiston Fuksiopas ja killan lehti uusille opiskelijoille: FuksiopasK\u00e4ytt\u00f6turvallisuustiedote 2025 pHuksivastaava &#8211; Joel Lehtonen Moro! M\u00e4 oon teid\u00e4n pHuksivastaava [&hellip;]<\/p>","protected":false},"author":2,"featured_media":0,"parent":0,"menu_order":3,"comment_status":"closed","ping_status":"closed","template":"","meta":{"_fi_post_content":"<!-- wp:group {\"layout\":{\"type\":\"constrained\"}} -->\n<div class=\"wp-block-group\"><!-- wp:paragraph {\"style\":{\"spacing\":{\"margin\":{\"top\":\"var:preset|spacing|40\"}}}} -->\n<p style=\"margin-top:var(--wp--preset--spacing--40)\">Tuutorit ja pHuksivastaava toimivat oppainasi ensimm\u00e4isin\u00e4 viikkoina, kun saavut yliopistolle. Tuutorit ohjeistavat ja auttavat sinut opiskelun alkuun. Yhdess\u00e4 pHuksivastaavan kanssa he pit\u00e4v\u00e4t my\u00f6s huolen, ett\u00e4 kaikki pit\u00e4v\u00e4t hauskaa ja tutustuvat toisiinsa sek\u00e4 teekkari- ja opiskelukulttuuriin.<\/p>\n<!-- \/wp:paragraph -->\n\n<!-- wp:paragraph -->\n<p>Lue lis\u00e4ksi yliopiston Fuksiopas ja killan lehti uusille opiskelijoille: <\/p>\n<!-- \/wp:paragraph -->\n\n<!-- wp:paragraph -->\n<p><a href=\"https:\/\/elut.lut.fi\/fi\/opintojen-aloittaminen\/fuksiopas\">Fuksiopas<\/a><br><a href=\"https:\/\/kemiantekniikankilta.fi\/wp-content\/uploads\/2025\/08\/KTT_2025.pdf\" data-type=\"link\" data-id=\"https:\/\/kemiantekniikankilta.fi\/wp-content\/uploads\/2025\/08\/KTT_2025.pdf\">K\u00e4ytt\u00f6turvallisuustiedote 2025<\/a><\/p>\n<!-- \/wp:paragraph -->\n\n<!-- wp:heading {\"level\":3,\"style\":{\"spacing\":{\"margin\":{\"top\":\"var:preset|spacing|40\"}}}} -->\n<h3 class=\"wp-block-heading\" style=\"margin-top:var(--wp--preset--spacing--40)\">pHuksivastaava - Joel Lehtonen<\/h3>\n<!-- \/wp:heading --><\/div>\n<!-- \/wp:group -->\n\n<!-- wp:image {\"id\":6548,\"width\":\"345px\",\"aspectRatio\":\"1\",\"scale\":\"contain\",\"sizeSlug\":\"full\",\"linkDestination\":\"none\",\"align\":\"center\",\"className\":\"is-style-default\",\"style\":{\"border\":{\"width\":\"0px\",\"style\":\"none\",\"radius\":\"0px\"}}} -->\n<figure class=\"wp-block-image aligncenter size-full is-resized has-custom-border is-style-default\"><img src=\"https:\/\/kemiantekniikankilta.fi\/wp-content\/uploads\/2025\/08\/fv_25_joel.jpg\" alt=\"\" class=\"wp-image-6548\" style=\"border-style:none;border-width:0px;border-radius:0px;aspect-ratio:1;object-fit:contain;width:345px\"\/><\/figure>\n<!-- \/wp:image -->\n\n<!-- wp:group {\"layout\":{\"type\":\"constrained\"}} -->\n<div class=\"wp-block-group\"><!-- wp:paragraph {\"align\":\"left\"} -->\n<p class=\"has-text-align-left\">Moro!<\/p>\n<!-- \/wp:paragraph -->\n\n<!-- wp:paragraph {\"align\":\"left\"} -->\n<p class=\"has-text-align-left\">M\u00e4 oon teid\u00e4n pHuksivastaava Joel, oon Paimiosta kotosin ja ik\u00e4\u00e4 l\u00f6ytyy 22 vuotta. Syksyll\u00e4 aloitan kolmannen vuoden opinnot kemiantekniikalla. M\u00e4 toimin t\u00e4n\u00e4 vuonna tei\u00e4n fuksivastaavana ja meik\u00e4l\u00e4isen tavoite on se, ett\u00e4 vappuna teill\u00e4 kaikilla olisi valkoinen teekkarilakki p\u00e4\u00e4ss\u00e4. T\u00e4m\u00e4 onnistuu hyvin sill\u00e4 tied\u00e4n, ett\u00e4 k\u00e4ytte aktiivisesti tapahtumissa ja suoritatte vaaditut l\u00e4yst\u00e4kepisteet.<\/p>\n<!-- \/wp:paragraph -->\n\n<!-- wp:paragraph {\"fontSize\":\"medium\"} -->\n<p class=\"has-medium-font-size\">Toimin tuutoreiden sek\u00e4 killan hallituksen kanssa yhteisty\u00f6ss\u00e4 jotta teill\u00e4 olisi paras mahdollinen fuksivuosi. Kannustan teit\u00e4 ottamaan mahdollisimman paljon irti fuksivuodesta ja erityisesti fuksiviikoista! Omassa fuksivuodessani oli ehdottamasti parasta se, ett\u00e4 tutustuin upeisiin tyyppeihin ja olen varma et tekin saatte ikuisia yst\u00e4vi\u00e4 t\u00e4n vuoden aikana.\n<\/p>\n<!-- \/wp:paragraph -->\n\n<!-- wp:paragraph {\"fontSize\":\"medium\"} -->\n<p class=\"has-medium-font-size\">Kaikille viel\u00e4 suuret onnitellut uudesta opiskelupaikasta, n\u00e4hd\u00e4\u00e4n fuksiviikoilla! <\/p>\n<!-- \/wp:paragraph -->\n\n<!-- wp:heading {\"level\":3,\"style\":{\"spacing\":{\"margin\":{\"top\":\"var:preset|spacing|40\"}}}} -->\n<h3 class=\"wp-block-heading\" style=\"margin-top:var(--wp--preset--spacing--40)\">Tuutorit<\/h3>\n<!-- \/wp:heading -->\n\n<!-- wp:heading {\"level\":4,\"style\":{\"spacing\":{\"margin\":{\"top\":\"var:preset|spacing|30\",\"bottom\":\"var:preset|spacing|20\"}}}} -->\n<h4 class=\"wp-block-heading\" style=\"margin-top:var(--wp--preset--spacing--30);margin-bottom:var(--wp--preset--spacing--20)\">Julia<\/h4>\n<!-- \/wp:heading --><\/div>\n<!-- \/wp:group -->\n\n<!-- wp:image {\"id\":6549,\"width\":\"345px\",\"aspectRatio\":\"1\",\"scale\":\"contain\",\"sizeSlug\":\"full\",\"linkDestination\":\"none\",\"align\":\"center\"} -->\n<figure class=\"wp-block-image aligncenter size-full is-resized\"><img src=\"https:\/\/kemiantekniikankilta.fi\/wp-content\/uploads\/2025\/08\/tuutorit_25_julia.jpg\" alt=\"\" class=\"wp-image-6549\" style=\"aspect-ratio:1;object-fit:contain;width:345px\"\/><\/figure>\n<!-- \/wp:image -->\n\n<!-- wp:paragraph {\"align\":\"left\"} -->\n<p class=\"has-text-align-left\">Moikka!<\/p>\n<!-- \/wp:paragraph -->\n\n<!-- wp:paragraph {\"align\":\"left\"} -->\n<p class=\"has-text-align-left\">Mie oon Julia ja tuun kauniista Savonlinnasta. Oon 21-vuotias ja alotan\ntoisen vuoden opinnot sek\u00e4 oon teid\u00e4n tuutorinanne syksyll\u00e4!<\/p>\n<!-- \/wp:paragraph -->\n\n<!-- wp:paragraph {\"align\":\"left\"} -->\n<p class=\"has-text-align-left\">Kun muutin Lappeenrantaan niin en oikeastaan tuntenut ket\u00e4\u00e4n eik\u00e4 kaupunkikaan ollut tuttu. Fuksiviikot j\u00e4nnitti (niinkun varmasti kaikkia) mutta hyv\u00e4ll\u00e4 tavalla! Kaikki kuitenkin l\u00e4hti rullaamaan ja n\u00e4in j\u00e4lkeenp\u00e4in katottuna oli kyll\u00e4 hauskaa aikaa. Ja vaikka koulujutut sitten saattaa v\u00e4h\u00e4n painaa nii kannustan kuitenkin pist\u00e4ytym\u00e4\u00e4n tapahtumissa, ne osaa aina yll\u00e4tt\u00e4\u00e4!<\/p>\n<!-- \/wp:paragraph -->\n\n<!-- wp:paragraph -->\n<p>Omana fuksivuotena oli parasta tietysti tutustua uusiin ihmisiin mutta my\u00f6s itse opiskelijael\u00e4m\u00e4\u00e4n! Tarjontaa on tapahtumissa monenlaista, joten varmasti l\u00f6ytyy mieluista tekemist\u00e4. Onnittelut viel\u00e4 opiskelupaikasta ja en malta oottaa et p\u00e4\u00e4st\u00e4\u00e4n kaikki tapaamaan!!<\/p>\n<!-- \/wp:paragraph -->\n\n<!-- wp:heading {\"level\":4,\"align\":\"left\",\"style\":{\"spacing\":{\"margin\":{\"top\":\"var:preset|spacing|30\",\"bottom\":\"var:preset|spacing|20\"}}}} -->\n<h4 class=\"wp-block-heading\" style=\"margin-top:var(--wp--preset--spacing--30);margin-bottom:var(--wp--preset--spacing--20)\">Erika<\/h4>\n<!-- \/wp:heading -->\n\n<!-- wp:image {\"id\":6550,\"width\":\"345px\",\"aspectRatio\":\"1\",\"scale\":\"contain\",\"sizeSlug\":\"full\",\"linkDestination\":\"none\",\"align\":\"center\"} -->\n<figure class=\"wp-block-image aligncenter size-full is-resized\"><img src=\"https:\/\/kemiantekniikankilta.fi\/wp-content\/uploads\/2025\/08\/tuutorit_25_erika.jpg\" alt=\"\" class=\"wp-image-6550\" style=\"aspect-ratio:1;object-fit:contain;width:345px\"\/><\/figure>\n<!-- \/wp:image -->\n\n<!-- wp:paragraph {\"align\":\"left\"} -->\n<p class=\"has-text-align-left\">Moikka!<\/p>\n<!-- \/wp:paragraph -->\n\n<!-- wp:paragraph {\"align\":\"left\"} -->\n<p class=\"has-text-align-left\">M\u00e4 oon Erika ja oon 20-vuotias sek\u00e4 alunperin kotoisin Espoosta. Mulla\nalkaa syksyll\u00e4 toinen vuosi kemiantekniikan opintojen parissa.<\/p>\n<!-- \/wp:paragraph -->\n\n<!-- wp:paragraph -->\n<p>Kun muutin viime vuonna Lappeenrantaan, kaikki oli uutta ja j\u00e4nnitt\u00e4v\u00e4\u00e4. Heti ensimm\u00e4isten p\u00e4ivien aikana tutustuin moniin ihmisiin, joista tuli nopeasti l\u00e4heisi\u00e4 yst\u00e4vi\u00e4. Opiskelujen aloittaminen vieraassa kaupungissa on j\u00e4nnitt\u00e4v\u00e4\u00e4, mutta me tuutorit autetaan teit\u00e4 parhaamme mukaan ja meilt\u00e4 saa tulla aina kysym\u00e4\u00e4n apua.<\/p>\n<!-- \/wp:paragraph -->\n\n<!-- wp:paragraph -->\n<p>Kannustan osallistumaan tapahtumiin, sill\u00e4 niiss\u00e4 p\u00e4\u00e4see tutustumaan Lappeenrannan opiskelijael\u00e4m\u00e4\u00e4n sek\u00e4 uusiin mahtaviin ihmisiin! Innolla odotan syksy\u00e4 ja teid\u00e4n uusien pHuksien tapaamista.<\/p>\n<!-- \/wp:paragraph -->\n\n<!-- wp:paragraph -->\n<p>Oma pHuksivuosi oli kyll\u00e4 ikimuistoinen ja toivon teille kaikille samaa. Onnittelut opiskelupaikasta ja n\u00e4hd\u00e4\u00e4n syksyll\u00e4!<\/p>\n<!-- \/wp:paragraph -->\n\n<!-- wp:heading {\"level\":4,\"style\":{\"spacing\":{\"margin\":{\"top\":\"var:preset|spacing|30\",\"bottom\":\"var:preset|spacing|20\"}}}} -->\n<h4 class=\"wp-block-heading\" style=\"margin-top:var(--wp--preset--spacing--30);margin-bottom:var(--wp--preset--spacing--20)\">Ida<\/h4>\n<!-- \/wp:heading -->\n\n<!-- wp:image {\"id\":6547,\"width\":\"345px\",\"aspectRatio\":\"1\",\"scale\":\"contain\",\"sizeSlug\":\"full\",\"linkDestination\":\"none\",\"align\":\"center\"} -->\n<figure class=\"wp-block-image aligncenter size-full is-resized\"><img src=\"https:\/\/kemiantekniikankilta.fi\/wp-content\/uploads\/2025\/08\/tuutorit_25_ida.jpg\" alt=\"\" class=\"wp-image-6547\" style=\"aspect-ratio:1;object-fit:contain;width:345px\"\/><\/figure>\n<!-- \/wp:image -->\n\n<!-- wp:paragraph {\"align\":\"left\"} -->\n<p class=\"has-text-align-left\">Moi!<\/p>\n<!-- \/wp:paragraph -->\n\n<!-- wp:paragraph {\"align\":\"left\"} -->\n<p class=\"has-text-align-left\">M\u00e4 oon Ida ja yksi teid\u00e4n tuutoreista. Oon 19-vuotias ja kotoisin\nLuxemburgista tai lyhyemmin sanottuna Luxista. Nyt syksyll\u00e4 alkaa mun toinen vuosi ketell\u00e4!<\/p>\n<!-- \/wp:paragraph -->\n\n<!-- wp:paragraph {\"align\":\"left\"} -->\n<p class=\"has-text-align-left\">Vuosi sitten en ollut asunut Suomessa 12 vuoteen, ja Lappeenranta oli mulle ihan tuntematon paikka. Mua j\u00e4nnitti tosi paljon uus \u201dmaa\u201d, uus kaupunki ja uudet ihmiset, mutta fuksiviikoilla p\u00e4\u00e4sin tutustumaan moniin mahtaviin tyyppeihin, joiden ansiosta mun pHuksivuosi oli ihana ja meni ihan todella nopeasti. Pian olin jo rakastunut Lappeenrantaan ja LUTiin. Me tuutorit ja kilta tehd\u00e4\u00e4n parhaamme, ett\u00e4 my\u00f6s te l\u00f6yd\u00e4tte oman paikkanne t\u00e4\u00e4lt\u00e4!<\/p>\n<!-- \/wp:paragraph -->\n\n<!-- wp:paragraph -->\n<p>Mun fuksivuodessa parasta oli ehdottomasti uudet ihmiset ja monipuoliset tapahtumat, joita l\u00f6ytyy kyll\u00e4 ihan jokaiselle. Eli rohkeasti mukaan vaan, vaikka v\u00e4h\u00e4n j\u00e4nnitt\u00e4isikin! Onnittelut opiskelupaikasta ja n\u00e4hd\u00e4\u00e4n fuksiviikoilla!<\/p>\n<!-- \/wp:paragraph -->\n\n<!-- wp:heading {\"level\":4,\"style\":{\"spacing\":{\"margin\":{\"top\":\"var:preset|spacing|30\",\"bottom\":\"var:preset|spacing|20\"}}}} -->\n<h4 class=\"wp-block-heading\" style=\"margin-top:var(--wp--preset--spacing--30);margin-bottom:var(--wp--preset--spacing--20)\">Kevin<\/h4>\n<!-- \/wp:heading -->\n\n<!-- wp:image {\"id\":6551,\"width\":\"346px\",\"height\":\"auto\",\"aspectRatio\":\"1\",\"scale\":\"contain\",\"sizeSlug\":\"full\",\"linkDestination\":\"none\",\"align\":\"center\"} -->\n<figure class=\"wp-block-image aligncenter size-full is-resized\"><img src=\"https:\/\/kemiantekniikankilta.fi\/wp-content\/uploads\/2025\/08\/tuutorit_25_kevin.jpg\" alt=\"\" class=\"wp-image-6551\" style=\"aspect-ratio:1;object-fit:contain;width:346px;height:auto\"\/><\/figure>\n<!-- \/wp:image -->\n\n<!-- wp:paragraph {\"align\":\"left\"} -->\n<p class=\"has-text-align-left\">Moi ja onnittelut opiskelupaikasta!<\/p>\n<!-- \/wp:paragraph -->\n\n<!-- wp:paragraph {\"align\":\"left\"} -->\n<p class=\"has-text-align-left\">M\u00e4 oon Kevin ja oon yksi teid\u00e4n tulevista tuutoreista! Oon 21-vuotias stadilainen, joka muutti rannoille viime vuoden syksyn\u00e4! Alotan siis nyt toista vuotta kemiantekniikalla.<\/p>\n<!-- \/wp:paragraph -->\n\n<!-- wp:paragraph -->\n<p>Kun vuosi sitten muutin Lappeenrantaan en oikein tuntenut ket\u00e4\u00e4n entuudestaan. Lappeenranta kaupunkinakin oli minulle t\u00e4ysin uusi. Ensimm\u00e4iset p\u00e4iv\u00e4t kuluivatkin minulla ihmissuhteiden luomisessa ja paikkoihin tutustumisessa! Kavereiden tekeminen oli helppoa, eritysesti kun omat tuutorit olivat siin\u00e4 auttamassa. Lappeenrannasta on tullut minulle rakas paikka jossa tykk\u00e4\u00e4n viett\u00e4\u00e4 aikaa my\u00f6s silloinkin kun koulua ei ole, ihmiset ovat yst\u00e4v\u00e4llist\u00e4 ja avoimia. Mulle on muodostunut l\u00e4heisi\u00e4 yst\u00e4vyyssuhteita ihanien ihmisten kanssa, ja n\u00e4in tulee varmasti tapahtumaan teillekkin!<\/p>\n<!-- \/wp:paragraph -->\n\n<!-- wp:paragraph -->\n<p>Oman pHuksi-vuoden kohokohdat olivat helposti uusiin ihmisiin tutustuminen ja ikimuistoiset tapahtumat! Suosittelen l\u00e4mpim\u00e4sti osallistumaan niihin, sill\u00e4 niiss\u00e4 p\u00e4\u00e4see tutustumaan monenlaisiin ihmisiin ja Lappeenrantaan ylip\u00e4\u00e4t\u00e4\u00e4n parhaiten!<\/p>\n<!-- \/wp:paragraph -->\n\n<!-- wp:paragraph -->\n<p>T\u00e4rkeimp\u00e4n\u00e4 kuitenkin on muistaa ottaa kaikki ilo irti opiskeluvuosista! Tuutoreina olemme t\u00e4\u00e4ll\u00e4 auttamassa, joten mik\u00e4li mit\u00e4\u00e4n kysytt\u00e4v\u00e4\u00e4 ilmenee aina voi rohkeasti nyk\u00e4ist\u00e4 hihasta!\n<\/p>\n<!-- \/wp:paragraph -->\n\n<!-- wp:paragraph -->\n<p>Mun pHuksi vuos oli aivan mahtava ja toivon ett\u00e4 niin my\u00f6s teid\u00e4n!\n<\/p>\n<!-- \/wp:paragraph -->\n\n<!-- wp:heading {\"level\":4,\"style\":{\"spacing\":{\"margin\":{\"top\":\"var:preset|spacing|30\",\"bottom\":\"var:preset|spacing|20\"}}}} -->\n<h4 class=\"wp-block-heading\" style=\"margin-top:var(--wp--preset--spacing--30);margin-bottom:var(--wp--preset--spacing--20)\">Iida<\/h4>\n<!-- \/wp:heading -->\n\n<!-- wp:image {\"id\":6612,\"width\":\"346px\",\"height\":\"auto\",\"aspectRatio\":\"1\",\"scale\":\"contain\",\"sizeSlug\":\"full\",\"linkDestination\":\"none\",\"align\":\"center\"} -->\n<figure class=\"wp-block-image aligncenter size-full is-resized\"><img src=\"https:\/\/kemiantekniikankilta.fi\/wp-content\/uploads\/2025\/08\/tuutorit_25_iida.jpg\" alt=\"\" class=\"wp-image-6612\" style=\"aspect-ratio:1;object-fit:contain;width:346px;height:auto\"\/><\/figure>\n<!-- \/wp:image -->\n\n<!-- wp:paragraph {\"align\":\"left\"} -->\n<p class=\"has-text-align-left\">Moii!<\/p>\n<!-- \/wp:paragraph -->\n\n<!-- wp:paragraph {\"align\":\"left\"} -->\n<p class=\"has-text-align-left\">M\u00e4 oon Iida, 22-vuotias ja yks teij\u00e4n ihanista tutoreista. Oon kotosin Espoosta, jonka j\u00e4lkeen muutama vuos vier\u00e4hti Helsingiss\u00e4 opiskelujen parissa. Viime vuonna p\u00e4\u00e4dyinki sit v\u00e4h\u00e4n hetken mielijohteesta t\u00e4nne Lappeenrantaan opiskelee uutta alaa.<\/p>\n<!-- \/wp:paragraph -->\n\n<!-- wp:paragraph -->\n<p>Onnittelut viel\u00e4 kaikille opiskelupaikasta t\u00e4\u00e4ll\u00e4 Ketell\u00e4! Orientaatioviikko l\u00e4hestyy vauhdilla ja oon innoissani et p\u00e4\u00e4st\u00e4\u00e4n pian n\u00e4kem\u00e4\u00e4n teit\u00e4! Mun eka vuos meni ihan hujauksessa, ja oli kyll\u00e4 taas kaikkee uutta ja hauskaa tekemist\u00e4 koko vuos t\u00e4ynn\u00e4.<\/p>\n<!-- \/wp:paragraph -->\n\n<!-- wp:paragraph -->\n<p>Toivon, et kans te p\u00e4\u00e4sette nauttimaan t\u00e4st\u00e4 alkuun ehk\u00e4 semi kolkon tuntusesta mut loppujenlopuks tosi kotosasta kaupungista. Tulkaa siis rohkeesti kaikkiin tapahtumiin ja yhteisiin tekemisiin mukaan ees\nv\u00e4hint\u00e4\u00e4n ekoilla viikoilla, ette tuu katumaan<\/p>\n<!-- \/wp:paragraph -->\n\n<!-- wp:paragraph -->\n<p>N\u00e4h\u00e4\u00e4n siis syksyll\u00e4! Kivoja viimesi\u00e4 kes\u00e4viikkoja tai -p\u00e4ivi\u00e4 viel\u00e4 kaikille!<\/p>\n<!-- \/wp:paragraph -->\n\n<!-- wp:heading {\"level\":4,\"style\":{\"spacing\":{\"margin\":{\"top\":\"var:preset|spacing|30\",\"bottom\":\"var:preset|spacing|20\"}}}} -->\n<h4 class=\"wp-block-heading\" style=\"margin-top:var(--wp--preset--spacing--30);margin-bottom:var(--wp--preset--spacing--20)\">Oona<\/h4>\n<!-- \/wp:heading -->\n\n<!-- wp:image {\"id\":6552,\"width\":\"346px\",\"height\":\"auto\",\"aspectRatio\":\"1\",\"scale\":\"contain\",\"sizeSlug\":\"full\",\"linkDestination\":\"none\",\"align\":\"center\"} -->\n<figure class=\"wp-block-image aligncenter size-full is-resized\"><img src=\"https:\/\/kemiantekniikankilta.fi\/wp-content\/uploads\/2025\/08\/tuutorit_25_oona.jpg\" alt=\"\" class=\"wp-image-6552\" style=\"aspect-ratio:1;object-fit:contain;width:346px;height:auto\"\/><\/figure>\n<!-- \/wp:image -->\n\n<!-- wp:paragraph {\"align\":\"left\"} -->\n<p class=\"has-text-align-left\">Moi!<\/p>\n<!-- \/wp:paragraph -->\n\n<!-- wp:paragraph {\"align\":\"left\"} -->\n<p class=\"has-text-align-left\">M\u00e4 oon Oona. Oon 21 -vuotias ja saan kunnian olla yksi teid\u00e4n tuutoreistanne tulevana syksyn\u00e4. Oon Vihdist\u00e4 kotosin ja muistan el\u00e4v\u00e4sti, kuinka opiskelun aloittaminen t\u00e4ysin vieraalla paikkakunnalla hirvitti. Lappeenranta ja sen ihanat opiskelijat ottivat kuitenkin hyvin\nvastaan ja kaikki sen j\u00e4lkeen on mennyt sitten omalla painollaan. Suosittelen siis teille j\u00e4nnityksest\u00e4 huolimatta olemaan avoimia erilaisia tapahtumia ja itse\u00e4\u00e4n kiinnostavia aktiviteetteja kohtaan. Sill\u00e4 keinolla saatte tehty\u00e4 itsellenne unohtumattoman fuksivuoden.<\/p>\n<!-- \/wp:paragraph -->\n\n<!-- wp:paragraph -->\n<p>En malta oottaa, ett\u00e4 p\u00e4\u00e4st\u00e4\u00e4n n\u00e4kem\u00e4\u00e4n ja tutustumaan paremmin koko porukan kanssa. Onnittelut viel\u00e4 hurjasti opiskelupaikasta. Syksyll\u00e4 n\u00e4hd\u00e4\u00e4n!<\/p>\n<!-- \/wp:paragraph -->\n\n<!-- wp:heading {\"level\":4,\"style\":{\"spacing\":{\"margin\":{\"top\":\"var:preset|spacing|30\",\"bottom\":\"var:preset|spacing|20\"}}}} -->\n<h4 class=\"wp-block-heading\" style=\"margin-top:var(--wp--preset--spacing--30);margin-bottom:var(--wp--preset--spacing--20)\">Alex<\/h4>\n<!-- \/wp:heading -->\n\n<!-- wp:image {\"id\":6553,\"width\":\"346px\",\"height\":\"auto\",\"aspectRatio\":\"1\",\"scale\":\"contain\",\"sizeSlug\":\"full\",\"linkDestination\":\"none\",\"align\":\"center\"} -->\n<figure class=\"wp-block-image aligncenter size-full is-resized\"><img src=\"https:\/\/kemiantekniikankilta.fi\/wp-content\/uploads\/2025\/08\/tuutorit_25_alex.jpg\" alt=\"\" class=\"wp-image-6553\" style=\"aspect-ratio:1;object-fit:contain;width:346px;height:auto\"\/><\/figure>\n<!-- \/wp:image -->\n\n<!-- wp:paragraph {\"align\":\"left\"} -->\n<p class=\"has-text-align-left\">Moikka!<\/p>\n<!-- \/wp:paragraph -->\n\n<!-- wp:paragraph {\"align\":\"left\"} -->\n<p class=\"has-text-align-left\">M\u00e4 oon Alex ja oon yksi teid\u00e4n monista ihanista tuutoreista! Oon 22-vuotias ja alunperin kotoisin aina niin kauniista ja aurinkoisesta Porvoosta. Lappeenranta oli itselle ihan uusi tuttavuus mutta nopeasti siit\u00e4 tuli itselle todella kotoisa ja l\u00e4mmin paikka.<\/p>\n<!-- \/wp:paragraph -->\n\n<!-- wp:paragraph -->\n<p>Nyt toisen vuoden ketell\u00e4 aloittavana voin sanoa, ett\u00e4 meill\u00e4 on t\u00e4\u00e4ll\u00e4 ihan huikeita ihmisi\u00e4 vuosikurssista riippumatta. Itse\u00e4ni kavereiden hankkimisessa auttoi se, ett\u00e4 k\u00e4vi niin monessa tapahtumassa kuin vain jaksoi. Kannustan teit\u00e4 my\u00f6s olemaan aktiivisia ja osallistumaan erilaisiin\ntapahtumiin jo heti alussa!!<\/p>\n<!-- \/wp:paragraph -->\n\n<!-- wp:paragraph -->\n<p>Onnittelut viel\u00e4 opiskelupaikasta, eik\u00e4 mene kauaa ett\u00e4 tavataan teid\u00e4n kaikkien kanssa!<\/p>\n<!-- \/wp:paragraph -->\n\n<!-- wp:heading {\"level\":4,\"style\":{\"spacing\":{\"margin\":{\"top\":\"var:preset|spacing|30\",\"bottom\":\"var:preset|spacing|20\"}}}} -->\n<h4 class=\"wp-block-heading\" style=\"margin-top:var(--wp--preset--spacing--30);margin-bottom:var(--wp--preset--spacing--20)\">Mikaela<\/h4>\n<!-- \/wp:heading -->\n\n<!-- wp:image {\"id\":6554,\"width\":\"346px\",\"aspectRatio\":\"1\",\"scale\":\"contain\",\"sizeSlug\":\"full\",\"linkDestination\":\"media\",\"align\":\"center\"} -->\n<figure class=\"wp-block-image aligncenter size-full is-resized\"><img src=\"https:\/\/kemiantekniikankilta.fi\/wp-content\/uploads\/2025\/08\/tuutorit_25_mikaela.jpg\" alt=\"\" class=\"wp-image-6554\" style=\"aspect-ratio:1;object-fit:contain;width:346px\"\/><\/a><\/figure>\n<!-- \/wp:image -->\n\n<!-- wp:paragraph {\"align\":\"left\"} -->\n<p class=\"has-text-align-left\">Moikka!<\/p>\n<!-- \/wp:paragraph -->\n\n<!-- wp:paragraph {\"align\":\"left\"} -->\n<p class=\"has-text-align-left\">M\u00e4 oon Mikaela, 20-vuotias ja kotoisin Helsingist\u00e4. Viime vuonna, kun\naloitin opinnot, en tuntenut Lappeenrannasta ket\u00e4\u00e4n. Ensimm\u00e4iset viikot j\u00e4nnittiv\u00e4t, mutta niist\u00e4 tuli lopulta koko vuoden parasta aikaa.\n<\/p>\n<!-- \/wp:paragraph -->\n\n<!-- wp:paragraph -->\n<p>Osallistumalla tapahtumiin avoimin mielin tutustuu helposti uusiin, ihaniin tyyppeihin. Uusien opintojen aloitus voi v\u00e4h\u00e4n pelottaa, mutta kun uskaltaa olla oma itsens\u00e4 ja ottaa rennosti, p\u00e4\u00e4see jo pitk\u00e4lle. Omassa fuksivuodessani parasta olivat ehdottomasti erilaiset tapahtumat ja niiss\u00e4 tavatut ihmiset. Siksi kannustankin rohkeasti l\u00e4htem\u00e4\u00e4n mukaan, vaikka jokin ei heti tuntuisikaan omalta jutulta, voit yll\u00e4tty\u00e4 positiivisesti.<\/p>\n<!-- \/wp:paragraph -->\n\n<!-- wp:paragraph -->\n<p>M\u00e4 ja muut tuutorit tehd\u00e4\u00e4n parhaamme, jotta teid\u00e4n fuksivuodesta tulee ikimuistoinen ja onnistunut. Me ollaan t\u00e4\u00e4ll\u00e4 teit\u00e4 varten ja halutaan auttaa niin pieniss\u00e4 kuin isoissakin jutuissa.<\/p>\n<!-- \/wp:paragraph -->\n\n<!-- wp:heading {\"level\":3,\"style\":{\"spacing\":{\"margin\":{\"top\":\"var:preset|spacing|40\",\"bottom\":\"var:preset|spacing|20\"}}}} -->\n<h3 class=\"wp-block-heading\" style=\"margin-top:var(--wp--preset--spacing--40);margin-bottom:var(--wp--preset--spacing--20)\">Opintoneuvoja - Eino Auvinen<\/h3>\n<!-- \/wp:heading -->\n\n<!-- wp:image {\"id\":6549,\"width\":\"345px\",\"aspectRatio\":\"1\",\"scale\":\"contain\",\"sizeSlug\":\"full\",\"linkDestination\":\"none\",\"align\":\"center\"} -->\n<figure class=\"wp-block-image aligncenter size-full is-resized\"><img src=\"https:\/\/kemiantekniikankilta.fi\/wp-content\/uploads\/2025\/08\/opintoneuvoja_25_eino.jpg\" alt=\"\" class=\"wp-image-6549\" style=\"aspect-ratio:1;object-fit:contain;width:345px\"\/><\/figure>\n<!-- \/wp:image -->\n\n<!-- wp:paragraph {\"style\":{\"spacing\":{\"margin\":{\"bottom\":\"0\"}},\"elements\":{\"link\":{\"color\":{\"text\":\"var:preset|color|contrast\"}}}},\"textColor\":\"contrast\"} -->\n<p class=\"has-contrast-color has-text-color has-link-color\" style=\"margin-bottom:0\">Heipparallaa!<\/p>\n<!-- \/wp:paragraph -->\n\n<!-- wp:paragraph -->\n<p>M\u00e4\u00e4 oon Eino 21-v ja toimin t\u00e4n\u00e4 vuonna teid\u00e4n opintoneuvojana. Opiskelen kolmatta vuotta ketell\u00e4 ja Rannoille olen pi\u00e4tynyt Savon hujakoilta Lepp\u00e4virralta.<\/p>\n<!-- \/wp:paragraph -->\n\n<!-- wp:paragraph -->\n<p>Opintoneuvojana oon yhdess\u00e4 tuutorien ja eLUT:in kanssa teid\u00e4n t\u00e4rkeimpi\u00e4 apuk\u00e4si\u00e4 opintojen alussa. Multa voi kysy\u00e4 rohkeesti, jos teit\u00e4 mietitytt\u00e4\u00e4 opiskeluun, opintosuunnitelmaan tai tietoj\u00e4rjestelmiin liittyv\u00e4t asiat. Eik\u00e4 tarvii kysy\u00e4k\u00e4\u00e4n, sill\u00e4 neuvomiselta ette pysty v\u00e4lttym\u00e4\u00e4n (toivottavasti) :D. Meik\u00e4n tavoittaa s\u00e4hk\u00f6postilla osoitteesta eino.auvinen@lut.fi, jos teille her\u00e4\u00e4 kysymyksi\u00e4 jo ennen orientaatiota.\n<\/p>\n<!-- \/wp:paragraph -->\n\n<!-- wp:paragraph -->\n<p>Opintoneuvojana ty\u00f6skentelyn ohessa toimin meid\u00e4n killan, KeTeKin, hallituksessa ekskursiovastaavana, ja j\u00e4rjest\u00e4n teille fuksikursion, jolle tekin tulette kaikki ehdottamasti osallistumaan.<\/p>\n<!-- \/wp:paragraph -->\n\n<!-- wp:paragraph {\"style\":{\"spacing\":{\"margin\":{\"bottom\":\"var:preset|spacing|50\"}}}} -->\n<p style=\"margin-bottom:var(--wp--preset--spacing--50)\">N\u00e4hd\u00e4\u00e4n orientaatioviikolla ja toivottavasti sen j\u00e4lkeenkin!<\/p>\n<!-- \/wp:paragraph -->","_fi_post_name":"fv-ja-tuutorit","_fi_post_excerpt":"","_fi_post_title":"pHuksivastaava ja tuutorit","_en-2_post_content":"","_en-2_post_name":"fv-ja-tuutorit","_en-2_post_excerpt":"","_en-2_post_title":"","edit_language":"fi","footnotes":""},"class_list":["post-1410","page","type-page","status-publish","hentry"],"_links":{"self":[{"href":"https:\/\/kemiantekniikankilta.fi\/en\/wp-json\/wp\/v2\/pages\/1410","targetHints":{"allow":["GET"]}}],"collection":[{"href":"https:\/\/kemiantekniikankilta.fi\/en\/wp-json\/wp\/v2\/pages"}],"about":[{"href":"https:\/\/kemiantekniikankilta.fi\/en\/wp-json\/wp\/v2\/types\/page"}],"author":[{"embeddable":true,"href":"https:\/\/kemiantekniikankilta.fi\/en\/wp-json\/wp\/v2\/users\/2"}],"replies":[{"embeddable":true,"href":"https:\/\/kemiantekniikankilta.fi\/en\/wp-json\/wp\/v2\/comments?post=1410"}],"version-history":[{"count":73,"href":"https:\/\/kemiantekniikankilta.fi\/en\/wp-json\/wp\/v2\/pages\/1410\/revisions"}],"predecessor-version":[{"id":6787,"href":"https:\/\/kemiantekniikankilta.fi\/en\/wp-json\/wp\/v2\/pages\/1410\/revisions\/6787"}],"wp:attachment":[{"href":"https:\/\/kemiantekniikankilta.fi\/en\/wp-json\/wp\/v2\/media?parent=1410"}],"curies":[{"name":"wp","href":"https:\/\/api.w.org\/{rel}","templated":true}]}}